{"id":2489,"date":"2021-09-30T18:57:59","date_gmt":"2021-03-09T09:03:37","guid":{"rendered":"https:\/\/www.asiyanmusikidernegi.com\/index.php\/about-us-2\/"},"modified":"2021-11-22T22:39:43","modified_gmt":"2021-11-22T19:39:43","slug":"sadik-kavas","status":"publish","type":"page","link":"https:\/\/www.asiyanmusikidernegi.com\/index.php\/sadik-kavas\/","title":{"rendered":"SADIK KAVAS"},"content":{"rendered":"\n<figure class=\"wp-block-image size-large\"><img loading=\"lazy\" decoding=\"async\" width=\"1024\" height=\"683\" src=\"https:\/\/www.asiyanmusikidernegi.com\/wp-content\/uploads\/2021\/09\/10849009_555105154592220_7754216362620615126_o-1024x683.jpg\" alt=\"\" class=\"wp-image-2551\" srcset=\"https:\/\/www.asiyanmusikidernegi.com\/wp-content\/uploads\/2021\/09\/10849009_555105154592220_7754216362620615126_o-1024x683.jpg 1024w, https:\/\/www.asiyanmusikidernegi.com\/wp-content\/uploads\/2021\/09\/10849009_555105154592220_7754216362620615126_o-600x400.jpg 600w, https:\/\/www.asiyanmusikidernegi.com\/wp-content\/uploads\/2021\/09\/10849009_555105154592220_7754216362620615126_o-300x200.jpg 300w, https:\/\/www.asiyanmusikidernegi.com\/wp-content\/uploads\/2021\/09\/10849009_555105154592220_7754216362620615126_o-768x512.jpg 768w, https:\/\/www.asiyanmusikidernegi.com\/wp-content\/uploads\/2021\/09\/10849009_555105154592220_7754216362620615126_o-1536x1025.jpg 1536w, https:\/\/www.asiyanmusikidernegi.com\/wp-content\/uploads\/2021\/09\/10849009_555105154592220_7754216362620615126_o-750x500.jpg 750w, https:\/\/www.asiyanmusikidernegi.com\/wp-content\/uploads\/2021\/09\/10849009_555105154592220_7754216362620615126_o.jpg 2048w\" sizes=\"auto, (max-width: 1024px) 100vw, 1024px\" \/><\/figure>\n\n\n\n<p><strong>SADIK KAVAS<\/strong><\/p>\n\n\n\n<p>1956 \u0130stanbul do\u011fumlu olan Sad\u0131k Kavas Kanun Sanat\u00e7\u0131s\u0131 olup, \u00a0\u00c2\u015fiyan M\u00fbs\u0131k\u00ee Derne\u011fi ve M\u00fczik Merkezi\u2019nin kurucusudur.<\/p>\n\n\n\n<p>\u0130lk musik\u00ee e\u011fitimine, merhum \u0130smail Hakk\u0131 \u00dcst\u00fcnkaya\u2019dan kanun dersleri alarak ba\u015flam\u0131\u015f, daha sonra \u0130stanbul Belediye Konservatuar\u0131nda (\u015eimdiki ad\u0131yla \u0130stanbul \u00dcniversitesi &#8211; Devlet Konservatuar\u0131) \u00f6\u011frenim g\u00f6rm\u00fc\u015ft\u00fcr.<\/p>\n\n\n\n<p>Uzun y\u0131llar sahnelerde sanat hayat\u0131na devam etmi\u015f, 1984 y\u0131l\u0131nda \u0130stanbul &#8211; Fatih\u2019te \u201c Fatih M\u00fczik Merkezi \u201cni a\u00e7m\u0131\u015f ve ilk m\u00fbsik\u00ee hocal\u0131\u011f\u0131na da b\u00f6ylece ba\u015flam\u0131\u015ft\u0131r.<\/p>\n\n\n\n<p>1990 y\u0131l\u0131nda Ankara\u2019ya yerle\u015fmi\u015f, burada kurucusu oldu\u011fu Kilis Yard\u0131mla\u015fma Derne\u011fi Korosunun yan\u0131 s\u0131ra Sa\u011fl\u0131k Bakanl\u0131\u011f\u0131, T\u00dcB\u00ceTAK, Kilis K\u00fclt\u00fcr Derne\u011fi Korolar\u0131n\u0131 \u00e7al\u0131\u015ft\u0131rm\u0131\u015ft\u0131r.<\/p>\n\n\n\n<p>Bu \u00e7al\u0131\u015fmalar\u0131n\u0131n yan\u0131 s\u0131ra, 1992-1998 y\u0131llar\u0131 aras\u0131nda Ni\u011fde \u00dcniversitesi T\u00fcrk M\u00fczi\u011fi Korosu<\/p>\n\n\n\n<p>\u015eef\u2019li\u011fini yapan Sad\u0131k KAVAS; bu \u00fcniversitenin Konservatuar\u0131nda ses e\u011fitimi, diksiyon ve<\/p>\n\n\n\n<p>repertuvar dersleri vererek e\u011fitmenlik yapm\u0131\u015ft\u0131r.<\/p>\n\n\n\n<p>-1996 y\u0131l\u0131nda N\u0130\u011eDE \u00dcN\u0130VERS\u0130TES\u0130 -T\u00dcRK M\u00dcZ\u0130\u011e\u0130 KOROSU ile \u00dcniversiteler Aras\u0131 T\u00fcrk M\u00fczi\u011fi dal\u0131nda T\u00fcrkiye 1. \u00f6d\u00fcl\u00fc alm\u0131\u015ft\u0131r.<\/p>\n\n\n\n<p>-K\u0130L\u0130S YARDIMLA\u015eMA DERNE\u011e\u0130 KOROSU ile de \u201cTRT Gen\u00e7lerle T\u00fcrk M\u00fczi\u011fi Program\u0131\u201d n da \u00f6d\u00fcl alm\u0131\u015ft\u0131r.<\/p>\n\n\n\n<p>T\u00fcm bu ba\u015far\u0131lar\u0131 devam ederken 1999 y\u0131l\u0131nda ge\u00e7irdi\u011fi b\u00fcy\u00fck rahats\u0131zl\u0131k nedeni ile sesini kaybetmi\u015f ve \u00e7al\u0131\u015fmalar\u0131na ara vererek \u0130stanbul\u2019a d\u00f6n\u00fc\u015f yapm\u0131\u015ft\u0131r.<\/p>\n\n\n\n<p>Ancak bu hastal\u0131k dahi onu m\u00fczikten koparamam\u0131\u015f \u00f6nceleri kanun dersleri vermi\u015f, sonradan da \u00e7ok iyi bildi\u011fi \u015fan tekni\u011fiyle konu\u015farak \u015feflik ve hocal\u0131k yapm\u0131\u015ft\u0131r.<\/p>\n\n\n\n<p>B\u00f6ylece tekrar m\u00fbs\u0131k\u00ee hayat\u0131na d\u00f6nm\u00fc\u015f ve kald\u0131\u011f\u0131 yerden \u00e7al\u0131\u015fmalar\u0131na devam ederek&nbsp; 2003 y\u0131l\u0131n\u0131n Haziran ay\u0131nda A\u015e\u0130YAN M\u00dbSIK\u00ce DERNE\u011e\u0130\u2019ni kurmu\u015ftur.<\/p>\n\n\n\n<p>Evli ve bir k\u0131z \u00e7ocuk sahibidir.<\/p>\n","protected":false},"excerpt":{"rendered":"<p>SADIK KAVAS 1956 \u0130stanbul do\u011fumlu olan Sad\u0131k Kavas Kanun Sanat\u00e7\u0131s\u0131 olup, \u00a0\u00c2\u015fiyan M\u00fbs\u0131k\u00ee Derne\u011fi ve M\u00fczik Merkezi\u2019nin kurucusudur. \u0130lk musik\u00ee<\/p>\n","protected":false},"author":1,"featured_media":0,"parent":0,"menu_order":0,"comment_status":"closed","ping_status":"closed","template":"","meta":{"footnotes":""},"class_list":["post-2489","page","type-page","status-publish","hentry"],"_links":{"self":[{"href":"https:\/\/www.asiyanmusikidernegi.com\/index.php\/wp-json\/wp\/v2\/pages\/2489","targetHints":{"allow":["GET"]}}],"collection":[{"href":"https:\/\/www.asiyanmusikidernegi.com\/index.php\/wp-json\/wp\/v2\/pages"}],"about":[{"href":"https:\/\/www.asiyanmusikidernegi.com\/index.php\/wp-json\/wp\/v2\/types\/page"}],"author":[{"embeddable":true,"href":"https:\/\/www.asiyanmusikidernegi.com\/index.php\/wp-json\/wp\/v2\/users\/1"}],"replies":[{"embeddable":true,"href":"https:\/\/www.asiyanmusikidernegi.com\/index.php\/wp-json\/wp\/v2\/comments?post=2489"}],"version-history":[{"count":2,"href":"https:\/\/www.asiyanmusikidernegi.com\/index.php\/wp-json\/wp\/v2\/pages\/2489\/revisions"}],"predecessor-version":[{"id":2682,"href":"https:\/\/www.asiyanmusikidernegi.com\/index.php\/wp-json\/wp\/v2\/pages\/2489\/revisions\/2682"}],"wp:attachment":[{"href":"https:\/\/www.asiyanmusikidernegi.com\/index.php\/wp-json\/wp\/v2\/media?parent=2489"}],"curies":[{"name":"wp","href":"https:\/\/api.w.org\/{rel}","templated":true}]}}